{"id":1255,"date":"2023-12-30T12:03:29","date_gmt":"2023-12-30T12:03:29","guid":{"rendered":"https:\/\/ee2.put.poznan.pl\/?page_id=1255"},"modified":"2024-01-22T00:24:31","modified_gmt":"2024-01-22T00:24:31","slug":"radoslaw-gorzenski","status":"publish","type":"page","link":"http:\/\/ee2.put.poznan.pl\/index.php\/o-instytucie\/kadra\/radoslaw-gorzenski\/","title":{"rendered":"dr in\u017c. Rados\u0142aw G\u00f3rze\u0144ski"},"content":{"rendered":"\t\t<div data-elementor-type=\"wp-page\" data-elementor-id=\"1255\" class=\"elementor elementor-1255\">\n\t\t\t\t\t\t<section class=\"elementor-section elementor-top-section elementor-element elementor-element-b1ce721 elementor-section-boxed elementor-section-height-default elementor-section-height-default\" data-id=\"b1ce721\" data-element_type=\"section\" data-e-type=\"section\">\n\t\t\t\t\t\t<div class=\"elementor-container elementor-column-gap-default\">\n\t\t\t\t\t<div class=\"elementor-column elementor-col-66 elementor-top-column elementor-element elementor-element-722f1a2\" data-id=\"722f1a2\" data-element_type=\"column\" data-e-type=\"column\">\n\t\t\t<div class=\"elementor-widget-wrap elementor-element-populated\">\n\t\t\t\t\t\t<div class=\"elementor-element elementor-element-9e0a80b elementor-widget elementor-widget-text-editor\" data-id=\"9e0a80b\" data-element_type=\"widget\" data-e-type=\"widget\" data-widget_type=\"text-editor.default\">\n\t\t\t\t<div class=\"elementor-widget-container\">\n\t\t\t\t\t\t\t\t\t<p>Zak\u0142ad Ogrzewnictwa, Klimatyzacji i Ochrony Powietrza<\/p>\n<p><\/p><p><\/p>\t\t\t\t\t\t\t\t<\/div>\n\t\t\t\t<\/div>\n\t\t\t\t<div class=\"elementor-element elementor-element-59c0a76 e-transform elementor-widget-divider--view-line elementor-invisible elementor-widget elementor-widget-divider\" data-id=\"59c0a76\" data-element_type=\"widget\" data-e-type=\"widget\" data-settings=\"{&quot;_animation&quot;:&quot;fadeInUp&quot;,&quot;_transform_scale_effect&quot;:{&quot;unit&quot;:&quot;px&quot;,&quot;size&quot;:&quot;&quot;,&quot;sizes&quot;:[]},&quot;_transform_scale_effect_tablet&quot;:{&quot;unit&quot;:&quot;px&quot;,&quot;size&quot;:&quot;&quot;,&quot;sizes&quot;:[]},&quot;_transform_scale_effect_mobile&quot;:{&quot;unit&quot;:&quot;px&quot;,&quot;size&quot;:&quot;&quot;,&quot;sizes&quot;:[]}}\" data-widget_type=\"divider.default\">\n\t\t\t\t<div class=\"elementor-widget-container\">\n\t\t\t\t\t\t\t<div class=\"elementor-divider\">\n\t\t\t<span class=\"elementor-divider-separator\">\n\t\t\t\t\t\t<\/span>\n\t\t<\/div>\n\t\t\t\t\t\t<\/div>\n\t\t\t\t<\/div>\n\t\t\t\t<div class=\"elementor-element elementor-element-99d15ab elementor-widget elementor-widget-text-editor\" data-id=\"99d15ab\" data-element_type=\"widget\" data-e-type=\"widget\" data-widget_type=\"text-editor.default\">\n\t\t\t\t<div class=\"elementor-widget-container\">\n\t\t\t\t\t\t\t\t\t<p>Profil w Systemie Informacji Naukowej PP: <a href=\"https:\/\/sin.put.poznan.pl\/people\/details\/radoslaw.gorzenski\" target=\"_blank\" rel=\"noreferrer noopener\">Rados\u0142aw G\u00f3rze\u0144ski SIN<\/a><\/p><p>E-mail: <a href=\"mailto:radoslaw.gorzenski@put.poznan.pl\">radoslaw.gorzenski@put.poznan.pl<\/a><\/p><p style=\"font-style: normal; font-variant-ligatures: normal; font-variant-caps: normal; font-weight: 400; font-size: 15px; font-family: Roboto, sans-serif; text-indent: 0px;\">Pok\u00f3j:\u00a0<span style=\"font-family: Roboto, sans-serif; font-size: 15px; font-style: normal; font-variant-ligatures: normal; font-variant-caps: normal; font-weight: 400;\">Domek pasywny, zlokalizowany przy ulicy Berdychowo, na przeciwko H21-21<\/span>\u00a0&#8211;\u00a0<a style=\"font-style: normal; font-variant-ligatures: normal; font-variant-caps: normal; font-weight: 400; font-size: 15px; font-family: Roboto, sans-serif; text-align: inherit;\" href=\"https:\/\/isie.put.poznan.pl\/sites\/default\/files\/2021-11\/Instytut%20In%C5%BCynierii%20%C5%9Arodowiska%20i%20Instalacji%20Budowlanych-konsultacje.pdf\" target=\"_blank\" rel=\"noreferrer noopener\">LINK<\/a><span style=\"font-style: normal; font-variant-ligatures: normal; font-variant-caps: normal; font-weight: 400; font-size: 15px; font-family: Roboto, sans-serif; color: var( --e-global-color-text ); text-align: inherit;\">\u00a0(<\/span><a style=\"font-style: normal; font-variant-ligatures: normal; font-variant-caps: normal; font-weight: 400; font-size: 15px; font-family: Roboto, sans-serif; text-align: inherit;\" href=\"https:\/\/isie.put.poznan.pl\/sites\/default\/files\/inline-files\/OZNACZENIA%20W%20PLANIE%20ZAJ%C4%98%C4%86.pdf\" target=\"_blank\" rel=\"noreferrer noopener\">mapa kampusu<\/a><span style=\"font-style: normal; font-variant-ligatures: normal; font-variant-caps: normal; font-weight: 400; font-size: 15px; font-family: Roboto, sans-serif; color: var( --e-global-color-text ); text-align: inherit;\">)<\/span><\/p><p style=\"font-style: normal; font-variant-ligatures: normal; font-variant-caps: normal; font-weight: 400; font-size: 15px; font-family: Roboto, sans-serif; text-indent: 0px;\">Konsultacje: &#8211;\u00a0<a style=\"font-style: normal; font-variant-ligatures: normal; font-variant-caps: normal; font-weight: 400; font-size: 15px; font-family: Roboto, sans-serif; text-align: inherit;\" href=\"http:\/\/ee2.put.poznan.pl\/wp-content\/uploads\/files\/IISiIB_PUT_konsultacje.pdf\" target=\"_blank\" rel=\"noopener\">LINK (wykaz konsultacji pracownik\u00f3w instytutu)<\/a><\/p>\t\t\t\t\t\t\t\t<\/div>\n\t\t\t\t<\/div>\n\t\t\t\t\t<\/div>\n\t\t<\/div>\n\t\t\t\t<div class=\"elementor-column elementor-col-33 elementor-top-column elementor-element elementor-element-1424dda\" data-id=\"1424dda\" data-element_type=\"column\" data-e-type=\"column\">\n\t\t\t<div class=\"elementor-widget-wrap elementor-element-populated\">\n\t\t\t\t\t\t<div class=\"elementor-element elementor-element-b32cbe7 elementor-invisible elementor-widget elementor-widget-image\" data-id=\"b32cbe7\" data-element_type=\"widget\" data-e-type=\"widget\" data-settings=\"{&quot;_animation&quot;:&quot;fadeInUp&quot;}\" data-widget_type=\"image.default\">\n\t\t\t\t<div class=\"elementor-widget-container\">\n\t\t\t\t\t\t\t\t\t\t\t\t\t\t\t<img fetchpriority=\"high\" decoding=\"async\" width=\"240\" height=\"300\" src=\"https:\/\/ee2.put.poznan.pl\/wp-content\/uploads\/2023\/12\/sylwetka_gorzenski_radoslaw-240x300.jpg\" class=\"elementor-animation-grow attachment-medium size-medium wp-image-1256\" alt=\"\" srcset=\"https:\/\/ee2.put.poznan.pl\/wp-content\/uploads\/2023\/12\/sylwetka_gorzenski_radoslaw-240x300.jpg 240w, https:\/\/ee2.put.poznan.pl\/wp-content\/uploads\/2023\/12\/sylwetka_gorzenski_radoslaw-819x1024.jpg 819w, https:\/\/ee2.put.poznan.pl\/wp-content\/uploads\/2023\/12\/sylwetka_gorzenski_radoslaw-768x960.jpg 768w, https:\/\/ee2.put.poznan.pl\/wp-content\/uploads\/2023\/12\/sylwetka_gorzenski_radoslaw-1229x1536.jpg 1229w, https:\/\/ee2.put.poznan.pl\/wp-content\/uploads\/2023\/12\/sylwetka_gorzenski_radoslaw-1639x2048.jpg 1639w, https:\/\/ee2.put.poznan.pl\/wp-content\/uploads\/2023\/12\/sylwetka_gorzenski_radoslaw-280x350.jpg 280w, https:\/\/ee2.put.poznan.pl\/wp-content\/uploads\/2023\/12\/sylwetka_gorzenski_radoslaw-scaled.jpg 2048w\" sizes=\"(max-width: 240px) 100vw, 240px\" \/>\t\t\t\t\t\t\t\t\t\t\t\t\t\t\t<\/div>\n\t\t\t\t<\/div>\n\t\t\t\t\t<\/div>\n\t\t<\/div>\n\t\t\t\t\t<\/div>\n\t\t<\/section>\n\t\t\t\t<section class=\"elementor-section elementor-top-section elementor-element elementor-element-ab228dd elementor-section-boxed elementor-section-height-default elementor-section-height-default\" data-id=\"ab228dd\" data-element_type=\"section\" data-e-type=\"section\">\n\t\t\t\t\t\t<div class=\"elementor-container elementor-column-gap-default\">\n\t\t\t\t\t<div class=\"elementor-column elementor-col-100 elementor-top-column elementor-element elementor-element-7c57a11\" data-id=\"7c57a11\" data-element_type=\"column\" data-e-type=\"column\">\n\t\t\t<div class=\"elementor-widget-wrap elementor-element-populated\">\n\t\t\t\t\t\t<div class=\"elementor-element elementor-element-820fdea elementor-widget-divider--view-line elementor-invisible elementor-widget elementor-widget-divider\" data-id=\"820fdea\" data-element_type=\"widget\" data-e-type=\"widget\" data-settings=\"{&quot;_animation&quot;:&quot;fadeInUp&quot;}\" data-widget_type=\"divider.default\">\n\t\t\t\t<div class=\"elementor-widget-container\">\n\t\t\t\t\t\t\t<div class=\"elementor-divider\">\n\t\t\t<span class=\"elementor-divider-separator\">\n\t\t\t\t\t\t<\/span>\n\t\t<\/div>\n\t\t\t\t\t\t<\/div>\n\t\t\t\t<\/div>\n\t\t\t\t\t<\/div>\n\t\t<\/div>\n\t\t\t\t\t<\/div>\n\t\t<\/section>\n\t\t\t\t<section class=\"elementor-section elementor-top-section elementor-element elementor-element-d66c21a elementor-section-boxed elementor-section-height-default elementor-section-height-default\" data-id=\"d66c21a\" data-element_type=\"section\" data-e-type=\"section\">\n\t\t\t\t\t\t<div class=\"elementor-container elementor-column-gap-default\">\n\t\t\t\t\t<div class=\"elementor-column elementor-col-100 elementor-top-column elementor-element elementor-element-bc270bd\" data-id=\"bc270bd\" data-element_type=\"column\" data-e-type=\"column\">\n\t\t\t<div class=\"elementor-widget-wrap elementor-element-populated\">\n\t\t\t\t\t\t<div class=\"elementor-element elementor-element-1c86dce elementor-widget elementor-widget-text-editor\" data-id=\"1c86dce\" data-element_type=\"widget\" data-e-type=\"widget\" data-widget_type=\"text-editor.default\">\n\t\t\t\t<div class=\"elementor-widget-container\">\n\t\t\t\t\t\t\t\t\t<h6>Informacje Og\u00f3lne<\/h6>\t\t\t\t\t\t\t\t<\/div>\n\t\t\t\t<\/div>\n\t\t\t\t<div class=\"elementor-element elementor-element-08e6495 elementor-widget elementor-widget-text-editor\" data-id=\"08e6495\" data-element_type=\"widget\" data-e-type=\"widget\" data-widget_type=\"text-editor.default\">\n\t\t\t\t<div class=\"elementor-widget-container\">\n\t\t\t\t\t\t\t\t\t<p>Dr in\u017c. Rados\u0142aw G\u00f3rze\u0144ski, adiunkt \u00a0w Instytucie In\u017cynierii \u015arodowiska Politechniki Pozna\u0144skiej &#8211; specjalno\u015b\u0107 naukowa: wentylacja i klimatyzacja. Autor oraz wsp\u00f3\u0142autor ponad 40 recenzowanych publikacji dotycz\u0105cych system\u00f3w wentylacji i klimatyzacji, jako\u015bci powietrza, budynk\u00f3w pasywnych i niskoenergetycznych, szczelno\u015bci powietrznej budynk\u00f3w i zarz\u0105dzania energi\u0105 w zespo\u0142ach budynk\u00f3w.<\/p>\t\t\t\t\t\t\t\t<\/div>\n\t\t\t\t<\/div>\n\t\t\t\t<div class=\"elementor-element elementor-element-7f1078d elementor-widget elementor-widget-text-editor\" data-id=\"7f1078d\" data-element_type=\"widget\" data-e-type=\"widget\" data-widget_type=\"text-editor.default\">\n\t\t\t\t<div class=\"elementor-widget-container\">\n\t\t\t\t\t\t\t\t\t<h6>WYKSZTA\u0141CENIE<\/h6>\t\t\t\t\t\t\t\t<\/div>\n\t\t\t\t<\/div>\n\t\t\t\t<div class=\"elementor-element elementor-element-2ac734b elementor-widget elementor-widget-text-editor\" data-id=\"2ac734b\" data-element_type=\"widget\" data-e-type=\"widget\" data-widget_type=\"text-editor.default\">\n\t\t\t\t<div class=\"elementor-widget-container\">\n\t\t\t\t\t\t\t\t\t<p><\/p><p><\/p><p><\/p><p><\/p><p><\/p><p><b>Doktor nauk technicznych<\/b><\/p><p>Praca doktorska pt. \u201eKoncepcja wentylacji w budynkach niskoenergetycznych\u201d obroniona na WBiI\u015a Politechniki Pozna\u0144skiej w 2009r.<\/p><p><\/p><p><!-- \/wp:list --><\/p>\t\t\t\t\t\t\t\t<\/div>\n\t\t\t\t<\/div>\n\t\t\t\t<div class=\"elementor-element elementor-element-2831baf elementor-widget elementor-widget-text-editor\" data-id=\"2831baf\" data-element_type=\"widget\" data-e-type=\"widget\" data-widget_type=\"text-editor.default\">\n\t\t\t\t<div class=\"elementor-widget-container\">\n\t\t\t\t\t\t\t\t\t<h6>PROWADZONE ZAJ\u0118CIA DYDAKTYCZNE<\/h6>\t\t\t\t\t\t\t\t<\/div>\n\t\t\t\t<\/div>\n\t\t\t\t<div class=\"elementor-element elementor-element-7efed6f elementor-widget elementor-widget-text-editor\" data-id=\"7efed6f\" data-element_type=\"widget\" data-e-type=\"widget\" data-widget_type=\"text-editor.default\">\n\t\t\t\t<div class=\"elementor-widget-container\">\n\t\t\t\t\t\t\t\t\t<p><!-- wp:paragraph --><\/p><p><!-- \/wp:separator --><\/p><p><!-- wp:paragraph --><\/p><p><!-- \/wp:separator --><\/p><p><!-- wp:paragraph --><\/p><ul><li>Wentylacja i klimatyzacja<\/li><li>Diagnostyka instalacji HVAC<\/li><li>Systemy wentylacyjne, klimatyzacyjne i ch\u0142odnicze<\/li><\/ul><p><strong>Prace dyplomowe<\/strong><\/p><p>Promotor ponad 60 prac magisterskich i in\u017cynierskich z zakresu in\u017cynierii \u015brodowiska.<\/p><p><!-- \/wp:list-item --><\/p><p><!-- \/wp:list --><\/p>\t\t\t\t\t\t\t\t<\/div>\n\t\t\t\t<\/div>\n\t\t\t\t<div class=\"elementor-element elementor-element-23d286e elementor-widget elementor-widget-text-editor\" data-id=\"23d286e\" data-element_type=\"widget\" data-e-type=\"widget\" data-widget_type=\"text-editor.default\">\n\t\t\t\t<div class=\"elementor-widget-container\">\n\t\t\t\t\t\t\t\t\t<h6>Charakterystyka dorobku naukowego i najwa\u017cniejsze prace\u00a0<\/h6>\t\t\t\t\t\t\t\t<\/div>\n\t\t\t\t<\/div>\n\t\t\t\t<div class=\"elementor-element elementor-element-c562553 elementor-widget elementor-widget-text-editor\" data-id=\"c562553\" data-element_type=\"widget\" data-e-type=\"widget\" data-widget_type=\"text-editor.default\">\n\t\t\t\t<div class=\"elementor-widget-container\">\n\t\t\t\t\t\t\t\t\t<ul><li>Antal M., Cioara T., Anghel I., Gorzenski R., Januszewski R., Oleksiak A., Piatek W., Pop C., Salomie J., Szeliga W., Data Centers in Smart City: Reuse of Waste Heat in Nearby Neighborhoods, Energies March 2019, Volume 12 Issue 5 Article 814<\/li><li>Kurowski K., G\u00f3rze\u0144ski R., K\u0105kolewo EPPG airfield: new R&amp;D and testing site for UAVs, Advanced Training Course: Modern Technologies Enabling Safe and Secure UAV Operation in Urban Airspace, 25-30 Nov 2019, Agadir, Morocco<\/li><li>\u015aniata\u0142a P., Iyengar S., Bendarma A., Kl\u00f3sak M.: Modern Technologies Enabling Safe and Secure UAV Operation in Urban Airspace, NATO Science for Peace and Security Series, Nawrocki M., Kurowski K., G\u00f3rze\u0144ski R.: Cyber space and Aviation 4.0 &#8211; new testing facilities for next generation of cyber-physical, autonomous and air traffic control systems<\/li><li>G\u00f3rze\u0144ski R., Szyma\u0144ski M., G\u00f3rka A., Mr\u00f3z T., Airtightness of buildings in Poland, International Journal of Ventilation, v.12\/4 03.2014, ISSN 1473-3315<\/li><li>Szyma\u0144ski M., G\u00f3rka A., G\u00f3rze\u0144ski R., Large buildings airtightness measurements using ventilation systems, International Journal of Ventilation, v.14\/4 03.2016, ISSN 1473-3315<\/li><li>Szyma\u0144ski M., G\u00f3rze\u0144ski R., Mr\u00f3z T., Air tightness of buildings in Poland, 2013 AIVC airtightness workshop, Washington DC, USA, 18-19.04.2013<\/li><li>G\u00f3rze\u0144ski R., Szyma\u0144ski M., Mr\u00f3z T., Large public buildings air tightness in Poland, 2013 AIVC airtightness workshop, Washington DC, USA, 18-19.04.2013<\/li><li>G\u00f3rze\u0144ski R., Szyma\u0144ski M., Szczechowiak E., Low Energy Educational Building Investment Process &#8211; Case Study, 11th REHVA world Congress CLIMA 2013, Prague, 16-19.06.2013<\/li><li>Szyma\u0144ski M., G\u00f3rka A., G\u00f3rze\u0144ski R., Large buildings airtightness measurements using ventilation systems, 35th AIVC , 4th TightVent, 2nd venticool Conference, Ventilation and airtightness in transforming the building stock to high performance, Pozna\u0144 2014, ISBN: 2-930471-44-1<\/li><li>G\u00f3rka A., G\u00f3rze\u0144ski R., Szyma\u0144ski M., Bandurski K., Multivariant measurements of air tightness of multi-family building, 36th AIVC, 5th TightVent, 3rd venticool Conference, Effective ventilation in high performance buildings, Madrid 2015, ISBN: 2-930471-45-X<\/li><li>Szkar\u0142at K., G\u00f3rka A., G\u00f3rze\u0144ski R., Szyma\u0144ski M., Electrothermal actuators with PWM control, 36th AIVC, 5th TightVent, 3rd venticool Conference, Effective ventilation in high performance buildings, Madrid 2015, ISBN: 2-930471-45-X<\/li><li>Cia\u0142kowski M., Krupa W., Fr\u0105ckowiak A., G\u00f3rze\u0144ski R.: The algorithm of determination of static atmosphere parameters, Journal of Mechanical and Transport Engineering 2016 vol. 68, no 1, pp 5-33, ISSN 2300-3596<\/li><li>Cia\u0142kowski M., Krupa W., Fr\u0105ckowiak A., G\u00f3rze\u0144ski R.: The analysis of the influence of temperature and atmospheric pressure measurement errors on the altitute determination error, Journal of Mechanical and Transport Engineering 2016 vol. 68, no 1, pp 35-52, ISSN 2300-3596<\/li><li>Cia\u0142kowski M., Krupa W., Fr\u0105ckowiak A., Ma\u0107kiewicz A., G\u00f3rze\u0144ski R.: Determining the parameters of static atmosphere based on experimental data, Journal of Mechanical and Transport Engineering 2016 vol. 68, no 1, pp 53-63, ISSN 2300-3596<\/li><\/ul>\t\t\t\t\t\t\t\t<\/div>\n\t\t\t\t<\/div>\n\t\t\t\t<div class=\"elementor-element elementor-element-8f4eecd elementor-widget elementor-widget-text-editor\" data-id=\"8f4eecd\" data-element_type=\"widget\" data-e-type=\"widget\" data-widget_type=\"text-editor.default\">\n\t\t\t\t<div class=\"elementor-widget-container\">\n\t\t\t\t\t\t\t\t\t<h6>DZIA\u0141ALNO\u015a\u0106 ORGANIZACYJNA<\/h6>\t\t\t\t\t\t\t\t<\/div>\n\t\t\t\t<\/div>\n\t\t\t\t<div class=\"elementor-element elementor-element-ddd9932 elementor-widget elementor-widget-text-editor\" data-id=\"ddd9932\" data-element_type=\"widget\" data-e-type=\"widget\" data-widget_type=\"text-editor.default\">\n\t\t\t\t<div class=\"elementor-widget-container\">\n\t\t\t\t\t\t\t\t\t<p><!-- wp:paragraph --><\/p><p><!-- \/wp:separator --><\/p><p><!-- wp:paragraph --><\/p><p><!-- \/wp:separator --><\/p><p><!-- wp:paragraph --><\/p><ul><li>Opiekun praktyk studenckich w ramach program\u00f3w Erasmus i IAESTE<\/li><li>Opiekun ko\u0142a naukowego Akademicki Klub Lotniczy Politechniki Pozna\u0144skiej (2007-2023)<\/li><li>Koordynator budowy infrastruktury lotniczej Politechniki Pozna\u0144skiej w ramach zadania inwestycyjnego \u201eBudowa infrastruktury lotniczej w K\u0105kolewie\u201d (2018-2022)<\/li><li>Cz\u0142onek Rady Nadzorczej sp\u00f3\u0142ki z udzia\u0142em Politechniki Pozna\u0144skiej AeroPort Sp\u00f3\u0142ka z o.o. (2019)<\/li><li>Zarz\u0105dzaj\u0105cy projektem z ramienia Zamawiaj\u0105cego w ramach budowy budynku Wydzia\u0142u Architektury i Wydzia\u0142u In\u017cynierii Zarz\u0105dzania oraz rozbudowy budynku Wydzia\u0142u Elektroniki i Telekomunikacji (2016-2018)<\/li><li>Przedstawiciel Politechniki Pozna\u0144skiej w komisji AIVC (Air Infiltration and Ventilation Centre) dzia\u0142aj\u0105cej w ramach IEA (2016)<\/li><li>W latach 2008-2023 zaanga\u017cowany w ramach dzia\u0142alno\u015bci Dzia\u0142u Projekt\u00f3w Politechniki Pozna\u0144skiej w realizacj\u0119 szeregu prac i opracowa\u0144 (opracowanie koncepcji, analiz, program\u00f3w funkcjonalno-u\u017cytkowych, weryfikacja bran\u017cy HVAC) zwi\u0105zanych z realizacj\u0105 zada\u0144 inwestycyjnych (budowa Centrum Mechatroniki, Biomechaniki i Nanoinzynierii, Centrum Dydaktycznego Wydzia\u0142u Technologii Chemicznej, Hali Sportowej, budynku niemal zero-energetycznego Wydzia\u0142u Architektury i Wydzia\u0142u In\u017cynierii Zarz\u0105dzania, Rektoratu Politechniki Pozna\u0144skiej) oraz eksploatacyjnych i modernizacyjnych (budynek Wydzia\u0142u Elektroniki i Telekomunikacji, modernizacja w\u0119z\u0142\u00f3w cieplnych Politechniki Pozna\u0144skiej, modernizacja akademik\u00f3w DS2-DS6)<\/li><li>Opiekun naukowy ekipy Aero Design Politechniki Pozna\u0144skiej w ramach \u00a0ponad 20 zawod\u00f3w SAE Aero Design, AUVSI SUAS, Air Cargo Challenge i TeknoFest rozgrywanych w USA, Brazylii, Meksyku, Turcji\u00a0 i Niemczech w latach 2008-2022 (m.in. zwyci\u0119stwo w klasyfikacji generalnej zawod\u00f3w SAE Aero Design West 2018, Los Angeles)<\/li><\/ul><p><!-- \/wp:list-item --><\/p><p><!-- \/wp:list --><\/p>\t\t\t\t\t\t\t\t<\/div>\n\t\t\t\t<\/div>\n\t\t\t\t<div class=\"elementor-element elementor-element-f5da074 elementor-widget elementor-widget-text-editor\" data-id=\"f5da074\" data-element_type=\"widget\" data-e-type=\"widget\" data-widget_type=\"text-editor.default\">\n\t\t\t\t<div class=\"elementor-widget-container\">\n\t\t\t\t\t\t\t\t\t<h6>Szkolenia, uprawnienia i licencje<\/h6>\t\t\t\t\t\t\t\t<\/div>\n\t\t\t\t<\/div>\n\t\t\t\t<div class=\"elementor-element elementor-element-d16849f elementor-widget elementor-widget-text-editor\" data-id=\"d16849f\" data-element_type=\"widget\" data-e-type=\"widget\" data-widget_type=\"text-editor.default\">\n\t\t\t\t<div class=\"elementor-widget-container\">\n\t\t\t\t\t\t\t\t\t<p><!-- wp:paragraph --><\/p><p><!-- \/wp:separator --><\/p><p><!-- wp:paragraph --><\/p><p><!-- \/wp:separator --><\/p><p><!-- wp:paragraph --><\/p><ul style=\"font-style: normal; font-variant-ligatures: normal; font-variant-caps: normal; font-size: 15px; font-family: Roboto, sans-serif;\"><li><div><div><div><div><span aria-hidden=\"true\">Pilot samolotowy i balonowy, instruktor i mechanik szybowcowy<\/span><\/div><\/div><\/div><\/div><p>\u00a0<\/p><\/li><\/ul><p><!-- \/wp:list-item --><\/p><p><!-- \/wp:list --><\/p>\t\t\t\t\t\t\t\t<\/div>\n\t\t\t\t<\/div>\n\t\t\t\t<div class=\"elementor-element elementor-element-6d6c613 elementor-widget elementor-widget-text-editor\" data-id=\"6d6c613\" data-element_type=\"widget\" data-e-type=\"widget\" data-widget_type=\"text-editor.default\">\n\t\t\t\t<div class=\"elementor-widget-container\">\n\t\t\t\t\t\t\t\t\t<h6>Projekty, granty i sta\u017ce naukowe<\/h6>\t\t\t\t\t\t\t\t<\/div>\n\t\t\t\t<\/div>\n\t\t\t\t<div class=\"elementor-element elementor-element-8e5ff3c elementor-widget elementor-widget-text-editor\" data-id=\"8e5ff3c\" data-element_type=\"widget\" data-e-type=\"widget\" data-widget_type=\"text-editor.default\">\n\t\t\t\t<div class=\"elementor-widget-container\">\n\t\t\t\t\t\t\t\t\t<p><!-- wp:paragraph --><\/p><p><!-- \/wp:separator --><\/p><p><!-- wp:paragraph --><\/p><p><!-- \/wp:separator --><\/p><p><!-- wp:paragraph --><\/p><ul style=\"font-style: normal; font-variant-ligatures: normal; font-variant-caps: normal; font-size: 15px; font-family: Roboto, sans-serif;\"><li>Kierownik projektu Horyzont 2020 RENergetic (2020-2024)<\/li><li>Wsp\u00f3\u0142wykonawca, specjalista ds. bada\u0144 i kierownik w ramach projekt\u00f3w zleconych przez NCBiR, EFRR, Ministerstwo Infrastruktury i Rozwoju (2015-2018)<\/li><li>\u00a0Kierownik sze\u015bciu projekt\u00f3w MNiE Generacja Przysz\u0142o\u015bci! (2014-2015) i Najlepsi z najlepszych! (2017-2023) zleconych Politechnice Pozna\u0144skiej do realizacji przez Ministra Nauki i Szkolnictwa Wy\u017cszego o \u0142\u0105cznej kwocie dofinansowania ponad 1 mln z\u0142.<\/li><\/ul><p><!-- \/wp:list-item --><\/p><p><!-- \/wp:list --><\/p>\t\t\t\t\t\t\t\t<\/div>\n\t\t\t\t<\/div>\n\t\t\t\t<div class=\"elementor-element elementor-element-718e27f elementor-widget elementor-widget-text-editor\" data-id=\"718e27f\" data-element_type=\"widget\" data-e-type=\"widget\" data-widget_type=\"text-editor.default\">\n\t\t\t\t<div class=\"elementor-widget-container\">\n\t\t\t\t\t\t\t\t\t<h6>Patenty<\/h6>\t\t\t\t\t\t\t\t<\/div>\n\t\t\t\t<\/div>\n\t\t\t\t<div class=\"elementor-element elementor-element-f72039d elementor-widget elementor-widget-text-editor\" data-id=\"f72039d\" data-element_type=\"widget\" data-e-type=\"widget\" data-widget_type=\"text-editor.default\">\n\t\t\t\t<div class=\"elementor-widget-container\">\n\t\t\t\t\t\t\t\t\t<p><!-- wp:paragraph --><\/p><p><!-- \/wp:separator --><\/p><p><!-- wp:paragraph --><\/p><p><!-- \/wp:separator --><\/p><p><!-- wp:paragraph --><\/p><ul style=\"font-style: normal; font-variant-ligatures: normal; font-variant-caps: normal; font-size: 15px; font-family: Roboto, sans-serif;\"><li>Wsp\u00f3\u0142autor zg\u0142oszenia patentowego do UPRP pod tytu\u0142em &#8222;System nadzoru i bezpiecze\u0144stwa operacji lotniczych\u201d (nr zg\u0142oszenia P.418887)<\/li><\/ul><p><!-- \/wp:list-item --><\/p><p><!-- \/wp:list --><\/p>\t\t\t\t\t\t\t\t<\/div>\n\t\t\t\t<\/div>\n\t\t\t\t<div class=\"elementor-element elementor-element-c48ab9c elementor-widget elementor-widget-text-editor\" data-id=\"c48ab9c\" data-element_type=\"widget\" data-e-type=\"widget\" data-widget_type=\"text-editor.default\">\n\t\t\t\t<div class=\"elementor-widget-container\">\n\t\t\t\t\t\t\t\t\t<h6>NAGRODY I WYR\u00d3\u017bNIENIA<\/h6>\t\t\t\t\t\t\t\t<\/div>\n\t\t\t\t<\/div>\n\t\t\t\t<div class=\"elementor-element elementor-element-f0847dc elementor-widget elementor-widget-text-editor\" data-id=\"f0847dc\" data-element_type=\"widget\" data-e-type=\"widget\" data-widget_type=\"text-editor.default\">\n\t\t\t\t<div class=\"elementor-widget-container\">\n\t\t\t\t\t\t\t\t\t<p><!-- wp:paragraph --><\/p><p><!-- \/wp:separator --><\/p><p><!-- wp:paragraph --><\/p><p><!-- \/wp:separator --><\/p><p><!-- wp:paragraph --><\/p><ul><li>Medal 100-lecia Odzyskania Niepodleg\u0142o\u015bci (maj 2019r.)<\/li><li>Odznaka honorowa \u201eZa zas\u0142ugi dla wojew\u00f3dztwa wielkopolskiego\u201d (czerwiec 2019r.).<\/li><\/ul><p><!-- \/wp:list-item --><\/p><p><!-- \/wp:list --><\/p>\t\t\t\t\t\t\t\t<\/div>\n\t\t\t\t<\/div>\n\t\t\t\t<div class=\"elementor-element elementor-element-dabd3fd elementor-widget elementor-widget-text-editor\" data-id=\"dabd3fd\" data-element_type=\"widget\" data-e-type=\"widget\" data-widget_type=\"text-editor.default\">\n\t\t\t\t<div class=\"elementor-widget-container\">\n\t\t\t\t\t\t\t\t\t<h6>WSP\u00d3\u0141PRACA Z OTOCZENIEM SPO\u0141ECZNO-GOSPODARCZYM<\/h6>\t\t\t\t\t\t\t\t<\/div>\n\t\t\t\t<\/div>\n\t\t\t\t<div class=\"elementor-element elementor-element-96ab597 elementor-widget elementor-widget-text-editor\" data-id=\"96ab597\" data-element_type=\"widget\" data-e-type=\"widget\" data-widget_type=\"text-editor.default\">\n\t\t\t\t<div class=\"elementor-widget-container\">\n\t\t\t\t\t\t\t\t\t<ul><li>Autor szeregu opracowa\u0144, analiz i koncepcji rozwi\u0105za\u0144 technicznych uk\u0142ad\u00f3w HVAC w budynkach Politechniki Pozna\u0144skiej<\/li><li>Wyr\u00f3\u017cniony nagrod\u0105 bran\u017cow\u0105 Stowarzyszenia Polska Wentylacja Pascal 2022 za projekt instalacji wentylacji i klimatyzacji w budynku Politechniki Pozna\u0144skiej Wydzia\u0142 Architektury i Wydzia\u0142 In\u017cynierii Zarz\u0105dzania Pozna\u0144 ul. prof. Jacka Rychlewskiego 2, wsp\u00f3\u0142autor projektu<\/li><li>Prezes Aeroklubu Pozna\u0144skiego od 2022r.<\/li><li>Cz\u0142onek Zarz\u0105du Aeroklubu Pozna\u0144skiego od 2003r.<\/li><\/ul><p>\u00a0<\/p>\t\t\t\t\t\t\t\t<\/div>\n\t\t\t\t<\/div>\n\t\t\t\t\t<\/div>\n\t\t<\/div>\n\t\t\t\t\t<\/div>\n\t\t<\/section>\n\t\t\t\t<\/div>\n\t\t","protected":false},"excerpt":{"rendered":"<p>Zak\u0142ad Ogrzewnictwa, Klimatyzacji i Ochrony Powietrza Profil w Systemie Informacji Naukowej PP: Rados\u0142aw G\u00f3rze\u0144ski SIN E-mail: radoslaw.gorzenski@put.poznan.pl Pok\u00f3j:\u00a0Domek pasywny, zlokalizowany przy ulicy Berdychowo, na przeciwko H21-21\u00a0&#8211;\u00a0LINK\u00a0(mapa kampusu) Konsultacje: &#8211;\u00a0LINK (wykaz konsultacji pracownik\u00f3w instytutu) Informacje Og\u00f3lne Dr in\u017c. Rados\u0142aw G\u00f3rze\u0144ski, adiunkt \u00a0w Instytucie In\u017cynierii \u015arodowiska Politechniki Pozna\u0144skiej &#8211; specjalno\u015b\u0107 naukowa: wentylacja &hellip;<\/p>\n","protected":false},"author":2,"featured_media":1256,"parent":214,"menu_order":0,"comment_status":"closed","ping_status":"closed","template":"","meta":{"_monsterinsights_skip_tracking":false,"_monsterinsights_sitenote_active":false,"_monsterinsights_sitenote_note":"","_monsterinsights_sitenote_category":0,"footnotes":""},"class_list":["post-1255","page","type-page","status-publish","has-post-thumbnail","hentry"],"_links":{"self":[{"href":"http:\/\/ee2.put.poznan.pl\/index.php\/wp-json\/wp\/v2\/pages\/1255","targetHints":{"allow":["GET"]}}],"collection":[{"href":"http:\/\/ee2.put.poznan.pl\/index.php\/wp-json\/wp\/v2\/pages"}],"about":[{"href":"http:\/\/ee2.put.poznan.pl\/index.php\/wp-json\/wp\/v2\/types\/page"}],"author":[{"embeddable":true,"href":"http:\/\/ee2.put.poznan.pl\/index.php\/wp-json\/wp\/v2\/users\/2"}],"replies":[{"embeddable":true,"href":"http:\/\/ee2.put.poznan.pl\/index.php\/wp-json\/wp\/v2\/comments?post=1255"}],"version-history":[{"count":4,"href":"http:\/\/ee2.put.poznan.pl\/index.php\/wp-json\/wp\/v2\/pages\/1255\/revisions"}],"predecessor-version":[{"id":1260,"href":"http:\/\/ee2.put.poznan.pl\/index.php\/wp-json\/wp\/v2\/pages\/1255\/revisions\/1260"}],"up":[{"embeddable":true,"href":"http:\/\/ee2.put.poznan.pl\/index.php\/wp-json\/wp\/v2\/pages\/214"}],"wp:featuredmedia":[{"embeddable":true,"href":"http:\/\/ee2.put.poznan.pl\/index.php\/wp-json\/wp\/v2\/media\/1256"}],"wp:attachment":[{"href":"http:\/\/ee2.put.poznan.pl\/index.php\/wp-json\/wp\/v2\/media?parent=1255"}],"curies":[{"name":"wp","href":"https:\/\/api.w.org\/{rel}","templated":true}]}}